{"id":1969,"date":"2024-02-15T11:35:02","date_gmt":"2024-02-15T10:35:02","guid":{"rendered":"https:\/\/ampere2025.fr\/concours\/"},"modified":"2024-11-06T18:19:28","modified_gmt":"2024-11-06T17:19:28","slug":"concurso","status":"publish","type":"page","link":"https:\/\/ampere2025.fr\/es\/concurso\/","title":{"rendered":"concurso"},"content":{"rendered":"\n<h1 class=\"wp-block-heading\">Concurso internacional<\/h1>\n\n\n\n<div class=\"wp-block-buttons has-custom-font-size has-x-large-font-size is-content-justification-center is-layout-flex wp-container-core-buttons-is-layout-f5b6105e wp-block-buttons-is-layout-flex\" style=\"font-style:italic;font-weight:800;line-height:1.5\">\n<div class=\"wp-block-button has-custom-font-size is-style-outline has-x-large-font-size is-style-outline--1\" style=\"font-style:normal;font-weight:800\"><a class=\"wp-block-button__link wp-element-button\" href=\"https:\/\/www.concours2025.ampere2025.fr\/public\/index.php\/fr\/page,4\" style=\"border-width:3px\" target=\"_blank\" rel=\"noreferrer noopener\"><strong>Para inscribirse en el concurso,<br>clic aqui<\/strong><\/a><\/div>\n<\/div>\n\n\n\n<div class=\"wp-block-uagb-container uagb-block-a989a5ee alignwide uagb-is-root-container\">\n<div class=\"wp-block-uagb-container uagb-block-b20bd811\">\n<div class=\"wp-block-group is-layout-constrained wp-block-group-is-layout-constrained\">\n<p>El concurso conmemora el 250 aniversario del nacimiento de Andr\u00e9-Marie-Amp\u00e8re, y cuenta con tres prestigiosos padrinos : Anne L&#8217;Huillier, Premio Nobel de F\u00edsica 2023, Alain Aspect, Premio Nobel de F\u00edsica 2022 y G\u00e9rard Mourou,  Premio Nobel de F\u00edsica 2018.<\/p>\n\n\n\n<h2 class=\"wp-block-heading\">PREMIOS AMP\u00e8RE &#8211; BLAS CABRERA<\/h2>\n\n\n\n<p>Los premios Amp\u00e8re-Blas Cabrera est\u00e1n destinados a todos los participantes de Espa\u00f1a y Latinoam\u00e9rica.<\/p>\n\n\n\n<p>Est\u00e1n abiertas dos categor\u00edas de premios:<\/p>\n\n\n\n<ul class=\"wp-block-list\">\n<li><strong>Premios Generales Amp\u00e8re \u2013 Blas Cabrera.<\/strong> Para proyectos sometidos utilizando esta plataforma.<\/li>\n\n\n\n<li><strong>Premios Experimenta&nbsp; Amp\u00e8re \u2013 Blas Cabrera<\/strong>.&nbsp; Edad 13 a 18 a\u00f1os. Para proyectos experimentales en el \u00e1mbito del electromagnetismo o sus aplicaciones presentados en la edici\u00f3n 2025 de la <a href=\"https:\/\/www.uv.es\/uvweb\/experience\/en\/experimenta-1285927554788.html\">Fi<\/a><a href=\"https:\/\/go.uv.es\/experimenta\/fair\">ra Experimenta<\/a><\/li>\n<\/ul>\n\n\n\n<p><\/p>\n\n\n\n<p><em>Blas Cabrera (1878-1945) fue un destacado f\u00edsico espa\u00f1ol, conocido por sus investigaciones en el campo del magnetismo. Fue  miembro de la Real Academia de Ciencias Exactas, F\u00edsicas y Naturales y represent\u00f3 a Espa\u00f1a en el Comit\u00e9 Internacional de Pesas y Medidas. Amigo cercano de Albert Einstein, colabor\u00f3 estrechamente con \u00e9l. Blas Cabrera fue miembro del comit\u00e9 de creaci\u00f3n del Museo Amp\u00e8re en Francia en 1930. Tras la Guerra Civil Espa\u00f1ola, vivi\u00f3 en Latinoam\u00e9rica, donde continu\u00f3 su labor cient\u00edfica en M\u00e9xico y otros pa\u00edses de la regi\u00f3n, contribuyendo al desarrollo de la f\u00edsica en el \u00e1mbito hispanoamericano.<\/em><\/p>\n\n\n\n<h2 class=\"wp-block-heading\">\u00bfQui\u00e9n puede participar?<\/h2>\n\n\n\n<div class=\"wp-block-group is-layout-constrained wp-block-group-is-layout-constrained\">\n<p>Los alumnos menores de edad (una clase entera o un peque\u00f1o grupo) deben estar supervisados por uno o varios profesores, que ser\u00e1n los encargados de inscribirlos.<\/p>\n\n\n\n<p>Los j\u00f3venes de entre 18 y 22 a\u00f1os pueden inscribirse individualmente o en grupo. No se requiere supervisi\u00f3n.<\/p>\n\n\n\n<p>Este concurso internacional est\u00e1 abierto a todos los alumnos y estudiantes del mundo con edades comprendidas entre los 5 y los 22 a\u00f1os en el a\u00f1o 2025.<\/p>\n\n\n\n<h2 class=\"wp-block-heading\">\u00bfCu\u00e1l es el objetivo?<\/h2>\n<\/div>\n\n\n\n<p>El objetivo de este concurso es provocar la reflexi\u00f3n sobre el papel de la electricidad a lo largo de la historia, en el presente y en el futuro de nuestro mundo. Esto puede hacerse mediante demostraciones experimentales, proyectos art\u00edsticos, etc.<\/p>\n\n\n\n<h2 class=\"wp-block-heading\">\u00bfQu\u00e9 tipo de trabajo se espera?<\/h2>\n\n\n\n<p>El concurso consiste en una producci\u00f3n que trate todos los aspectos de la electricidad.<br>La producci\u00f3n puede adoptar formas muy diversas, desde un simple dibujo o cartel hasta una obra de teatro o experimentos con electricidad o magnetismo. El aspecto hist\u00f3rico o humano puede ser el tema principal del trabajo. Se puede enviar un enlace a un v\u00eddeo, un poster, etc.<\/p>\n<\/div>\n<\/div>\n\n\n\n<div class=\"wp-block-uagb-container uagb-block-e5056a4e\">\n<figure class=\"wp-block-image alignright size-medium has-custom-border\"><img loading=\"lazy\" decoding=\"async\" width=\"220\" height=\"300\" src=\"https:\/\/ampere2025.fr\/wp-content\/uploads\/2024\/06\/afficheconcours-ES-v7-220x300.png\" alt=\"\" class=\"has-border-color wp-image-2118\" style=\"border-color:#ffcd00;border-width:2px;border-radius:7px;object-fit:cover\" srcset=\"https:\/\/ampere2025.fr\/wp-content\/uploads\/2024\/06\/afficheconcours-ES-v7-220x300.png 220w, https:\/\/ampere2025.fr\/wp-content\/uploads\/2024\/06\/afficheconcours-ES-v7-752x1024.png 752w, https:\/\/ampere2025.fr\/wp-content\/uploads\/2024\/06\/afficheconcours-ES-v7-768x1046.png 768w, https:\/\/ampere2025.fr\/wp-content\/uploads\/2024\/06\/afficheconcours-ES-v7.png 801w\" sizes=\"auto, (max-width: 220px) 100vw, 220px\" \/><\/figure>\n<\/div>\n<\/div>\n\n\n\n<div class=\"wp-block-buttons has-custom-font-size has-x-large-font-size is-content-justification-center is-layout-flex wp-container-core-buttons-is-layout-f5b6105e wp-block-buttons-is-layout-flex\" style=\"font-style:italic;font-weight:800;line-height:1.5\">\n<div class=\"wp-block-button has-custom-font-size is-style-outline has-x-large-font-size is-style-outline--2\" style=\"font-style:normal;font-weight:800\"><a class=\"wp-block-button__link wp-element-button\" href=\"https:\/\/www.concours2025.ampere2025.fr\/public\/index.php\/fr\/page,4\" style=\"border-width:3px\" target=\"_blank\" rel=\"noreferrer noopener\"><strong>Para inscribirse en el concurso,<br>clic aqui<\/strong><\/a><\/div>\n<\/div>\n\n\n\n<div class=\"wp-block-uagb-separator uagb-block-834ffdc1\"><div class=\"wp-block-uagb-separator__inner\" style=\"--my-background-image:\"><\/div><\/div>\n\n\n\n<div class=\"wp-block-uagb-container uagb-block-c06c40a7 alignwide uagb-is-root-container\">\n<div class=\"wp-block-uagb-container uagb-block-d8f3e5f9\">\n<div class=\"wp-block-buttons is-content-justification-right is-layout-flex wp-container-core-buttons-is-layout-c133f063 wp-block-buttons-is-layout-flex\">\n<div class=\"wp-block-button\"><a class=\"wp-block-button__link wp-element-button\" href=\"https:\/\/www.concours2025.ampere2025.fr\/public\/index.php\/fr\/page,4\" target=\"_blank\" rel=\"noreferrer noopener\"><em>P\u00e1gina oficial del concurso<\/em><\/a><\/div>\n\n\n\n<div class=\"wp-block-button\"><a class=\"wp-block-button__link wp-element-button\" href=\"https:\/\/ampere2025.fr\/es\/contacto\/\" target=\"_blank\" rel=\"noreferrer noopener nofollow\">Contacto<\/a><\/div>\n<\/div>\n<\/div>\n\n\n\n<div class=\"wp-block-uagb-container uagb-block-1065ec35\">\n<div class=\"wp-block-file alignright\"><a href=\"https:\/\/ampere2025.fr\/wp-content\/uploads\/2024\/03\/Reglement_concours.pdf\" class=\"wp-block-file__button wp-element-button\" download>descargar las normas del concurso<\/a><\/div>\n\n\n\n<div class=\"wp-block-file alignright\"><a href=\"https:\/\/ampere2025.fr\/wp-content\/uploads\/2024\/06\/afficheconcours-ES-v7.pdf\" class=\"wp-block-file__button wp-element-button\" download>descargar el p\u00f3ster del concurso<\/a><\/div>\n<\/div>\n<\/div>\n\n\n\n<div class=\"wp-block-uagb-separator uagb-block-60a42eec\"><div class=\"wp-block-uagb-separator__inner\" style=\"--my-background-image:\"><\/div><\/div>\n\n\n\n<div class=\"wp-block-uagb-container uagb-block-a92fe584 alignfull uagb-is-root-container\"><div class=\"uagb-container-inner-blocks-wrap\">\n<div class=\"wp-block-uagb-container uagb-block-afe44380\">\n<p class=\"has-text-align-center\"><strong>Inscripciones abiertas<\/strong><\/p>\n<\/div>\n\n\n\n<div class=\"wp-block-uagb-container uagb-block-ebfc2003\">\n<p class=\"has-text-align-center\">El plazo de inscripci\u00f3n y de presentaci\u00f3n de candidaturas finaliza el&#8230;<\/p>\n\n\n\n<div class=\"wp-block-uagb-countdown uagb-block-b2b959fe\"><div class=\"wp-block-uagb-countdown__box wp-block-uagb-countdown__box-days\"><div role=\"timer\" aria-live=\"off\" class=\"wp-block-uagb-countdown__time wp-block-uagb-countdown__time-days\">&#8211;<\/div><div class=\"wp-block-uagb-countdown__label\">jours<\/div><\/div><div class=\"wp-block-uagb-countdown__box wp-block-uagb-countdown__box-hours\"><div role=\"timer\" aria-live=\"off\" class=\"wp-block-uagb-countdown__time wp-block-uagb-countdown__time-hours\">&#8211;<\/div><div class=\"wp-block-uagb-countdown__label\">h<\/div><\/div><div class=\"wp-block-uagb-countdown__box wp-block-uagb-countdown__box-minutes\"><div role=\"timer\" aria-live=\"off\" class=\"wp-block-uagb-countdown__time wp-block-uagb-countdown__time-minutes\">&#8211;<\/div><div class=\"wp-block-uagb-countdown__label\">mn<\/div><\/div><div class=\"wp-block-uagb-countdown__box wp-block-uagb-countdown__box-seconds\"><div role=\"timer\" aria-live=\"off\" class=\"wp-block-uagb-countdown__time wp-block-uagb-countdown__time-seconds\">&#8211;<\/div><div class=\"wp-block-uagb-countdown__label\">s<\/div><\/div><\/div>\n<\/div>\n<\/div><\/div>\n\n\n\n<div class=\"wp-block-group is-horizontal is-content-justification-center is-nowrap is-layout-flex wp-container-core-group-is-layout-5a9a641b wp-block-group-is-layout-flex\" style=\"border-top-color:var(--wp--preset--color--ast-global-color-5);border-top-width:1px;margin-top:0;margin-bottom:0;padding-top:1em;padding-right:0;padding-bottom:0em;padding-left:0\">\n<p class=\"has-text-color has-link-color wp-elements-8a7ab544f5bb63aca56f819f078c48a4\" style=\"color:#ffcd00\"><a href=\"https:\/\/ampere2025.fr\/evenements\/ouvertures\/\">C\u00e9r\u00e9monie d&#8217;ouverture<\/a><\/p>\n\n\n      \n\t\t\t<div class=\"uagb-icon-wrapper uagb-block-5040e83e  wp-block-uagb-icon--has-margin    \"\n\t\t\tstyle=\"\" >\n\t\t\t\t\t\t\t\t<div class='uagb-icon-margin-wrapper'>\n\t\t\t\t\t\t\t\t\t<span class=\"uagb-svg-wrapper\" \n\t\t\t\t\t aria-label=\"backward\"\t\t\t\t\ttabindex=\"0\">\t\t\n\t\t\t\t\t\t\t\t\t\t<a rel=\"noopener noreferrer\" href=\"https:\/\/ampere2025.fr\/evenements\/ouvertures\/\" target=\"_self\"><svg xmlns=\"https:\/\/www.w3.org\/2000\/svg\" viewBox= \"0 0 512 512\" role=\"graphics-symbol\" aria-hidden=\"false\" aria-label=\"\"><path d=\"M459.5 71.41l-171.5 142.9v83.45l171.5 142.9C480.1 457.7 512 443.3 512 415.1V96.03C512 68.66 480.1 54.28 459.5 71.41zM203.5 71.41L11.44 231.4c-15.25 12.87-15.25 36.37 0 49.24l192 159.1c20.63 17.12 52.51 2.749 52.51-24.62v-319.9C255.1 68.66 224.1 54.28 203.5 71.41z\"><\/path><\/svg><\/a>\n\t\t\t\t\t\t\t\t\t<\/span>\n\t\t\t\t\t\t\t\t<\/div>\n\t\t\t\t\t\t\t<\/div>\n\t\t\t\n\n\n<p><em>ver tambi\u00e9n<\/em><\/p>\n\n\n      \n\t\t\t<div class=\"uagb-icon-wrapper uagb-block-c7fcac03  wp-block-uagb-icon--has-margin    \"\n\t\t\tstyle=\"\" >\n\t\t\t\t\t\t\t\t<div class='uagb-icon-margin-wrapper'>\n\t\t\t\t\t\t\t\t\t<span class=\"uagb-svg-wrapper\" \n\t\t\t\t\t aria-label=\"forward\"\t\t\t\t\ttabindex=\"0\">\t\t\n\t\t\t\t\t\t\t\t\t\t<a rel=\"noopener noreferrer\" href=\"https:\/\/ampere2025.fr\/evenements\/expositions\/\" target=\"_self\"><svg xmlns=\"https:\/\/www.w3.org\/2000\/svg\" viewBox= \"0 0 512 512\" role=\"graphics-symbol\" aria-hidden=\"false\" aria-label=\"\"><path d=\"M52.51 440.6l171.5-142.9V214.3L52.51 71.41C31.88 54.28 0 68.66 0 96.03v319.9C0 443.3 31.88 457.7 52.51 440.6zM308.5 440.6l192-159.1c15.25-12.87 15.25-36.37 0-49.24l-192-159.1c-20.63-17.12-52.51-2.749-52.51 24.62v319.9C256 443.3 287.9 457.7 308.5 440.6z\"><\/path><\/svg><\/a>\n\t\t\t\t\t\t\t\t\t<\/span>\n\t\t\t\t\t\t\t\t<\/div>\n\t\t\t\t\t\t\t<\/div>\n\t\t\t\n\n\n<p class=\"has-text-color has-link-color wp-elements-4bfb5c23464a5a5d5311315b50b69ac5\" style=\"color:#ffcd00\"><a href=\"https:\/\/ampere2025.fr\/evenements\/expositions\/\">Expositions<\/a><\/p>\n<\/div>\n","protected":false},"excerpt":{"rendered":"<p>Concurso internacional El concurso conmemora el 250 aniversario del nacimiento de Andr\u00e9-Marie-Amp\u00e8re, y cuenta con tres prestigiosos padrinos : Anne [&hellip;]<\/p>\n","protected":false},"author":1,"featured_media":0,"parent":0,"menu_order":0,"comment_status":"closed","ping_status":"closed","template":"","meta":{"_uag_custom_page_level_css":"","site-sidebar-layout":"no-sidebar","site-content-layout":"","ast-site-content-layout":"default","site-content-style":"default","site-sidebar-style":"unboxed","ast-global-header-display":"","ast-banner-title-visibility":"","ast-main-header-display":"","ast-hfb-above-header-display":"","ast-hfb-below-header-display":"","ast-hfb-mobile-header-display":"","site-post-title":"disabled","ast-breadcrumbs-content":"","ast-featured-img":"disabled","footer-sml-layout":"","ast-disable-related-posts":"","theme-transparent-header-meta":"","adv-header-id-meta":"","stick-header-meta":"","header-above-stick-meta":"","header-main-stick-meta":"","header-below-stick-meta":"","astra-migrate-meta-layouts":"default","ast-page-background-enabled":"default","ast-page-background-meta":{"desktop":{"background-color":"var(--ast-global-color-4)","background-image":"","background-repeat":"repeat","background-position":"center center","background-size":"auto","background-attachment":"scroll","background-type":"","background-media":"","overlay-type":"","overlay-color":"","overlay-opacity":"","overlay-gradient":""},"tablet":{"background-color":"","background-image":"","background-repeat":"repeat","background-position":"center center","background-size":"auto","background-attachment":"scroll","background-type":"","background-media":"","overlay-type":"","overlay-color":"","overlay-opacity":"","overlay-gradient":""},"mobile":{"background-color":"","background-image":"","background-repeat":"repeat","background-position":"center center","background-size":"auto","background-attachment":"scroll","background-type":"","background-media":"","overlay-type":"","overlay-color":"","overlay-opacity":"","overlay-gradient":""}},"ast-content-background-meta":{"desktop":{"background-color":"var(--ast-global-color-5)","background-image":"","background-repeat":"repeat","background-position":"center center","background-size":"auto","background-attachment":"scroll","background-type":"","background-media":"","overlay-type":"","overlay-color":"","overlay-opacity":"","overlay-gradient":""},"tablet":{"background-color":"var(--ast-global-color-5)","background-image":"","background-repeat":"repeat","background-position":"center center","background-size":"auto","background-attachment":"scroll","background-type":"","background-media":"","overlay-type":"","overlay-color":"","overlay-opacity":"","overlay-gradient":""},"mobile":{"background-color":"var(--ast-global-color-5)","background-image":"","background-repeat":"repeat","background-position":"center center","background-size":"auto","background-attachment":"scroll","background-type":"","background-media":"","overlay-type":"","overlay-color":"","overlay-opacity":"","overlay-gradient":""}},"footnotes":""},"class_list":["post-1969","page","type-page","status-publish","hentry"],"yoast_head":"<!-- This site is optimized with the Yoast SEO plugin v26.8 - https:\/\/yoast.com\/product\/yoast-seo-wordpress\/ -->\n<title>concurso - Amp\u00e8re 2025 , 250 ans d&#039;Amp\u00e8re<\/title>\n<meta name=\"description\" content=\"Le concours comm\u00e9more le 250\u00e8me anniversaire de la naissance d\u2019Andr\u00e9-Marie-Amp\u00e8re en 2025 \u00e0 Lyon. Concours international.\" \/>\n<meta name=\"robots\" content=\"index, follow, max-snippet:-1, max-image-preview:large, max-video-preview:-1\" \/>\n<link rel=\"canonical\" href=\"https:\/\/ampere2025.fr\/es\/concurso\/\" \/>\n<meta property=\"og:locale\" content=\"es_ES\" \/>\n<meta property=\"og:type\" content=\"article\" \/>\n<meta property=\"og:title\" content=\"concurso - Amp\u00e8re 2025 , 250 ans d&#039;Amp\u00e8re\" \/>\n<meta property=\"og:description\" content=\"Le concours comm\u00e9more le 250\u00e8me anniversaire de la naissance d\u2019Andr\u00e9-Marie-Amp\u00e8re en 2025 \u00e0 Lyon. Concours international.\" \/>\n<meta property=\"og:url\" content=\"https:\/\/ampere2025.fr\/es\/concurso\/\" \/>\n<meta property=\"og:site_name\" content=\"Amp\u00e8re 2025\" \/>\n<meta property=\"article:publisher\" content=\"https:\/\/www.facebook.com\/saamapoleymieux69\/\" \/>\n<meta property=\"article:modified_time\" content=\"2024-11-06T17:19:28+00:00\" \/>\n<meta property=\"og:image\" content=\"https:\/\/ampere2025.fr\/wp-content\/uploads\/2024\/06\/afficheconcours-ES-v7.png\" \/>\n\t<meta property=\"og:image:width\" content=\"801\" \/>\n\t<meta property=\"og:image:height\" content=\"1091\" \/>\n\t<meta property=\"og:image:type\" content=\"image\/png\" \/>\n<meta name=\"twitter:card\" content=\"summary_large_image\" \/>\n<meta name=\"twitter:site\" content=\"@amperemaison\" \/>\n<meta name=\"twitter:label1\" content=\"Tiempo de lectura\" \/>\n\t<meta name=\"twitter:data1\" content=\"3 minutos\" \/>\n<script type=\"application\/ld+json\" class=\"yoast-schema-graph\">{\"@context\":\"https:\/\/schema.org\",\"@graph\":[{\"@type\":\"WebPage\",\"@id\":\"https:\/\/ampere2025.fr\/es\/concurso\/\",\"url\":\"https:\/\/ampere2025.fr\/es\/concurso\/\",\"name\":\"concurso - Amp\u00e8re 2025 , 250 ans d'Amp\u00e8re\",\"isPartOf\":{\"@id\":\"https:\/\/ampere2025.fr\/es\/#website\"},\"primaryImageOfPage\":{\"@id\":\"https:\/\/ampere2025.fr\/es\/concurso\/#primaryimage\"},\"image\":{\"@id\":\"https:\/\/ampere2025.fr\/es\/concurso\/#primaryimage\"},\"thumbnailUrl\":\"https:\/\/ampere2025.fr\/wp-content\/uploads\/2024\/06\/afficheconcours-ES-v7-220x300.png\",\"datePublished\":\"2024-02-15T10:35:02+00:00\",\"dateModified\":\"2024-11-06T17:19:28+00:00\",\"description\":\"Le concours comm\u00e9more le 250\u00e8me anniversaire de la naissance d\u2019Andr\u00e9-Marie-Amp\u00e8re en 2025 \u00e0 Lyon. Concours international.\",\"breadcrumb\":{\"@id\":\"https:\/\/ampere2025.fr\/es\/concurso\/#breadcrumb\"},\"inLanguage\":\"es\",\"potentialAction\":[{\"@type\":\"ReadAction\",\"target\":[\"https:\/\/ampere2025.fr\/es\/concurso\/\"]}]},{\"@type\":\"ImageObject\",\"inLanguage\":\"es\",\"@id\":\"https:\/\/ampere2025.fr\/es\/concurso\/#primaryimage\",\"url\":\"https:\/\/ampere2025.fr\/wp-content\/uploads\/2024\/06\/afficheconcours-ES-v7-220x300.png\",\"contentUrl\":\"https:\/\/ampere2025.fr\/wp-content\/uploads\/2024\/06\/afficheconcours-ES-v7-220x300.png\"},{\"@type\":\"BreadcrumbList\",\"@id\":\"https:\/\/ampere2025.fr\/es\/concurso\/#breadcrumb\",\"itemListElement\":[{\"@type\":\"ListItem\",\"position\":1,\"name\":\"Accueil\",\"item\":\"https:\/\/ampere2025.fr\/es\/\"},{\"@type\":\"ListItem\",\"position\":2,\"name\":\"concurso\"}]},{\"@type\":\"WebSite\",\"@id\":\"https:\/\/ampere2025.fr\/es\/#website\",\"url\":\"https:\/\/ampere2025.fr\/es\/\",\"name\":\"Amp\u00e8re 2025\",\"description\":\"Demain, un monde \u00e9lectrique\",\"publisher\":{\"@id\":\"https:\/\/ampere2025.fr\/es\/#organization\"},\"potentialAction\":[{\"@type\":\"SearchAction\",\"target\":{\"@type\":\"EntryPoint\",\"urlTemplate\":\"https:\/\/ampere2025.fr\/es\/?s={search_term_string}\"},\"query-input\":{\"@type\":\"PropertyValueSpecification\",\"valueRequired\":true,\"valueName\":\"search_term_string\"}}],\"inLanguage\":\"es\"},{\"@type\":\"Organization\",\"@id\":\"https:\/\/ampere2025.fr\/es\/#organization\",\"name\":\"Amp\u00e8re 2025\",\"url\":\"https:\/\/ampere2025.fr\/es\/\",\"logo\":{\"@type\":\"ImageObject\",\"inLanguage\":\"es\",\"@id\":\"https:\/\/ampere2025.fr\/es\/#\/schema\/logo\/image\/\",\"url\":\"https:\/\/ampere2025.fr\/wp-content\/uploads\/2024\/07\/cropped-Bandeau-Ampere-2025-FR-EN-V5-1.png\",\"contentUrl\":\"https:\/\/ampere2025.fr\/wp-content\/uploads\/2024\/07\/cropped-Bandeau-Ampere-2025-FR-EN-V5-1.png\",\"width\":2400,\"height\":399,\"caption\":\"Amp\u00e8re 2025\"},\"image\":{\"@id\":\"https:\/\/ampere2025.fr\/es\/#\/schema\/logo\/image\/\"},\"sameAs\":[\"https:\/\/www.facebook.com\/saamapoleymieux69\/\",\"https:\/\/x.com\/amperemaison\",\"https:\/\/www.instagram.com\/museeampere\"]}]}<\/script>\n<!-- \/ Yoast SEO plugin. -->","yoast_head_json":{"title":"concurso - Amp\u00e8re 2025 , 250 ans d'Amp\u00e8re","description":"Le concours comm\u00e9more le 250\u00e8me anniversaire de la naissance d\u2019Andr\u00e9-Marie-Amp\u00e8re en 2025 \u00e0 Lyon. Concours international.","robots":{"index":"index","follow":"follow","max-snippet":"max-snippet:-1","max-image-preview":"max-image-preview:large","max-video-preview":"max-video-preview:-1"},"canonical":"https:\/\/ampere2025.fr\/es\/concurso\/","og_locale":"es_ES","og_type":"article","og_title":"concurso - Amp\u00e8re 2025 , 250 ans d'Amp\u00e8re","og_description":"Le concours comm\u00e9more le 250\u00e8me anniversaire de la naissance d\u2019Andr\u00e9-Marie-Amp\u00e8re en 2025 \u00e0 Lyon. Concours international.","og_url":"https:\/\/ampere2025.fr\/es\/concurso\/","og_site_name":"Amp\u00e8re 2025","article_publisher":"https:\/\/www.facebook.com\/saamapoleymieux69\/","article_modified_time":"2024-11-06T17:19:28+00:00","og_image":[{"width":801,"height":1091,"url":"https:\/\/ampere2025.fr\/wp-content\/uploads\/2024\/06\/afficheconcours-ES-v7.png","type":"image\/png"}],"twitter_card":"summary_large_image","twitter_site":"@amperemaison","twitter_misc":{"Tiempo de lectura":"3 minutos"},"schema":{"@context":"https:\/\/schema.org","@graph":[{"@type":"WebPage","@id":"https:\/\/ampere2025.fr\/es\/concurso\/","url":"https:\/\/ampere2025.fr\/es\/concurso\/","name":"concurso - Amp\u00e8re 2025 , 250 ans d'Amp\u00e8re","isPartOf":{"@id":"https:\/\/ampere2025.fr\/es\/#website"},"primaryImageOfPage":{"@id":"https:\/\/ampere2025.fr\/es\/concurso\/#primaryimage"},"image":{"@id":"https:\/\/ampere2025.fr\/es\/concurso\/#primaryimage"},"thumbnailUrl":"https:\/\/ampere2025.fr\/wp-content\/uploads\/2024\/06\/afficheconcours-ES-v7-220x300.png","datePublished":"2024-02-15T10:35:02+00:00","dateModified":"2024-11-06T17:19:28+00:00","description":"Le concours comm\u00e9more le 250\u00e8me anniversaire de la naissance d\u2019Andr\u00e9-Marie-Amp\u00e8re en 2025 \u00e0 Lyon. Concours international.","breadcrumb":{"@id":"https:\/\/ampere2025.fr\/es\/concurso\/#breadcrumb"},"inLanguage":"es","potentialAction":[{"@type":"ReadAction","target":["https:\/\/ampere2025.fr\/es\/concurso\/"]}]},{"@type":"ImageObject","inLanguage":"es","@id":"https:\/\/ampere2025.fr\/es\/concurso\/#primaryimage","url":"https:\/\/ampere2025.fr\/wp-content\/uploads\/2024\/06\/afficheconcours-ES-v7-220x300.png","contentUrl":"https:\/\/ampere2025.fr\/wp-content\/uploads\/2024\/06\/afficheconcours-ES-v7-220x300.png"},{"@type":"BreadcrumbList","@id":"https:\/\/ampere2025.fr\/es\/concurso\/#breadcrumb","itemListElement":[{"@type":"ListItem","position":1,"name":"Accueil","item":"https:\/\/ampere2025.fr\/es\/"},{"@type":"ListItem","position":2,"name":"concurso"}]},{"@type":"WebSite","@id":"https:\/\/ampere2025.fr\/es\/#website","url":"https:\/\/ampere2025.fr\/es\/","name":"Amp\u00e8re 2025","description":"Demain, un monde \u00e9lectrique","publisher":{"@id":"https:\/\/ampere2025.fr\/es\/#organization"},"potentialAction":[{"@type":"SearchAction","target":{"@type":"EntryPoint","urlTemplate":"https:\/\/ampere2025.fr\/es\/?s={search_term_string}"},"query-input":{"@type":"PropertyValueSpecification","valueRequired":true,"valueName":"search_term_string"}}],"inLanguage":"es"},{"@type":"Organization","@id":"https:\/\/ampere2025.fr\/es\/#organization","name":"Amp\u00e8re 2025","url":"https:\/\/ampere2025.fr\/es\/","logo":{"@type":"ImageObject","inLanguage":"es","@id":"https:\/\/ampere2025.fr\/es\/#\/schema\/logo\/image\/","url":"https:\/\/ampere2025.fr\/wp-content\/uploads\/2024\/07\/cropped-Bandeau-Ampere-2025-FR-EN-V5-1.png","contentUrl":"https:\/\/ampere2025.fr\/wp-content\/uploads\/2024\/07\/cropped-Bandeau-Ampere-2025-FR-EN-V5-1.png","width":2400,"height":399,"caption":"Amp\u00e8re 2025"},"image":{"@id":"https:\/\/ampere2025.fr\/es\/#\/schema\/logo\/image\/"},"sameAs":["https:\/\/www.facebook.com\/saamapoleymieux69\/","https:\/\/x.com\/amperemaison","https:\/\/www.instagram.com\/museeampere"]}]}},"uagb_featured_image_src":{"full":false,"thumbnail":false,"medium":false,"medium_large":false,"large":false,"1536x1536":false,"2048x2048":false},"uagb_author_info":{"display_name":"admin","author_link":"https:\/\/ampere2025.fr\/es\/author\/admin\/"},"uagb_comment_info":0,"uagb_excerpt":"Concurso internacional El concurso conmemora el 250 aniversario del nacimiento de Andr\u00e9-Marie-Amp\u00e8re, y cuenta con tres prestigiosos padrinos : Anne [&hellip;]","_links":{"self":[{"href":"https:\/\/ampere2025.fr\/es\/wp-json\/wp\/v2\/pages\/1969","targetHints":{"allow":["GET"]}}],"collection":[{"href":"https:\/\/ampere2025.fr\/es\/wp-json\/wp\/v2\/pages"}],"about":[{"href":"https:\/\/ampere2025.fr\/es\/wp-json\/wp\/v2\/types\/page"}],"author":[{"embeddable":true,"href":"https:\/\/ampere2025.fr\/es\/wp-json\/wp\/v2\/users\/1"}],"replies":[{"embeddable":true,"href":"https:\/\/ampere2025.fr\/es\/wp-json\/wp\/v2\/comments?post=1969"}],"version-history":[{"count":10,"href":"https:\/\/ampere2025.fr\/es\/wp-json\/wp\/v2\/pages\/1969\/revisions"}],"predecessor-version":[{"id":2637,"href":"https:\/\/ampere2025.fr\/es\/wp-json\/wp\/v2\/pages\/1969\/revisions\/2637"}],"wp:attachment":[{"href":"https:\/\/ampere2025.fr\/es\/wp-json\/wp\/v2\/media?parent=1969"}],"curies":[{"name":"wp","href":"https:\/\/api.w.org\/{rel}","templated":true}]}}